{"id":31,"date":"2024-09-21T20:45:50","date_gmt":"2024-09-21T17:45:50","guid":{"rendered":"https:\/\/inlavanda.ro\/?page_id=31"},"modified":"2025-08-29T12:32:27","modified_gmt":"2025-08-29T09:32:27","slug":"in-lavanda-cu-miky-si-dan","status":"publish","type":"page","link":"https:\/\/inlavanda.ro\/en\/","title":{"rendered":"Despre noi"},"content":{"rendered":"<div class=\"wp-block-group is-vertical is-layout-flex wp-container-core-group-is-layout-8cf370e7 wp-block-group-is-layout-flex\">\n<figure class=\"wp-block-image size-large is-resized\"><img loading=\"lazy\" decoding=\"async\" width=\"1024\" height=\"683\" src=\"http:\/\/inlavanda.ro\/wp-content\/uploads\/2024\/09\/X7A9477-Enhanced-NR-1024x683.jpg\" alt=\"Miky \u0219i Dan \u00cen Lavand\u0103 - Br\u0103g\u0103reasa, Buz\u0103u\" class=\"wp-image-57\" style=\"width:1155px;height:auto\" srcset=\"https:\/\/inlavanda.ro\/wp-content\/uploads\/2024\/09\/X7A9477-Enhanced-NR-1024x683.jpg 1024w, https:\/\/inlavanda.ro\/wp-content\/uploads\/2024\/09\/X7A9477-Enhanced-NR-300x200.jpg 300w, https:\/\/inlavanda.ro\/wp-content\/uploads\/2024\/09\/X7A9477-Enhanced-NR-scaled-600x400.jpg 600w, https:\/\/inlavanda.ro\/wp-content\/uploads\/2024\/09\/X7A9477-Enhanced-NR-768x512.jpg 768w, https:\/\/inlavanda.ro\/wp-content\/uploads\/2024\/09\/X7A9477-Enhanced-NR-1536x1024.jpg 1536w, https:\/\/inlavanda.ro\/wp-content\/uploads\/2024\/09\/X7A9477-Enhanced-NR-2048x1365.jpg 2048w, https:\/\/inlavanda.ro\/wp-content\/uploads\/2024\/09\/X7A9477-Enhanced-NR-1320x880.jpg 1320w\" sizes=\"auto, (max-width: 1024px) 100vw, 1024px\" \/><\/figure>\n\n\n\n<p style=\"margin-top:0;margin-right:var(--wp--preset--spacing--30);margin-bottom:0;margin-left:var(--wp--preset--spacing--30)\">\u00cen Lavand\u0103 cu Miky \u0219i Dan este mai mult dec\u00e2t o afacere cu produse naturale handmade. Este un vis crescut pe c\u00e2mpurile verzi ale satului Br\u0103g\u0103reasa, jude\u021bul Buz\u0103u. Povestea noastr\u0103 a \u00eenceput \u00een vara anului 2020. \u00centr-o perioad\u0103 \u00een care, de\u0219i lumea era \u00eenc\u0103 marcat\u0103 de pandemie, ne-am reg\u0103sit \u00een mijlocul c\u00e2mpurilor de lavand\u0103. Acolo am descoperit o adev\u0103rat\u0103 comoar\u0103 a naturii. Ne-am \u00eendr\u0103gostit pe loc de aceast\u0103 plant\u0103 minunat\u0103. Curiozitatea noastr\u0103 a crescut pe m\u0103sur\u0103 ce am aflat tot mai multe despre propriet\u0103\u021bile sale uimitoare.<\/p>\n\n\n\n<blockquote class=\"wp-block-quote is-layout-flow wp-block-quote-is-layout-flow\">\n<h6 class=\"wp-block-heading has-theme-palette-3-color has-text-color has-link-color wp-elements-4979ea00c745c60115bf147c6d76fb15\">Timp de doi ani am citit, am \u00eenv\u0103\u021bat \u0219i am experimentat. Am participat la cursuri \u0219i workshopuri, iar pas cu pas, visul nostru a prins contur. Cu sprijinul nepre\u021buit al bunicilor, care ne-au \u00eencredin\u021bat p\u0103m\u00e2ntul lor roditor, \u0219i al celor dragi \u2013 p\u0103rin\u021bi, fra\u021bi, surori \u0219i prieteni \u2013 am \u00eenfiin\u021bat propriul nostru lan de lavand\u0103. Astfel, s-a n\u0103scut \u00cen Lavand\u0103 cu Miky \u0219i Dan, o afacere care aduce \u00een fiecare produs dragostea noastr\u0103 pentru natur\u0103 \u0219i dorin\u021ba de a \u00eemp\u0103rt\u0103\u0219i cu ceilal\u021bi magia lavandei.<\/h6>\n<\/blockquote>\n\n\n\n<p style=\"margin-top:var(--wp--preset--spacing--20);margin-right:var(--wp--preset--spacing--30);margin-bottom:var(--wp--preset--spacing--20);margin-left:var(--wp--preset--spacing--30)\">Povestea noastr\u0103 a \u00eenceput din dragostea pentru natur\u0103, simplitate \u0219i frumos. \u00cen mijlocul c\u00e2mpurilor din Rom\u00e2nia, cultiv\u0103m cu grij\u0103 lavand\u0103 natural\u0103, pe care o transform\u0103m \u00een produse naturale handmade parfumate \u0219i pline de emo\u021bie.<\/p>\n\n\n\n<p class=\"has-theme-palette-3-color has-text-color has-link-color wp-elements-709bb4b3ace0b0c51a941ec807252ec3\">Am pornit cu buchete uscate de lavand\u0103, dar visul a crescut. Ast\u0103zi, oferim \u0219i\u00a0<strong><a href=\"https:\/\/inlavanda.ro\/magazin\/\">produse naturale handmade<\/a><\/strong>,\u00a0ulei esen\u021bial de lavand\u0103,\u00a0decora\u021biuni \u0219i cadouri naturale\u00a0\u2013 toate realizate manual, cu r\u0103bdare \u0219i respect pentru natur\u0103.<\/p>\n\n\n\n<p>   Credem c\u0103 lucrurile f\u0103cute cu suflet se simt. Lavanda noastr\u0103 este crescut\u0103 f\u0103r\u0103 chimicale, culeas\u0103 cu grij\u0103 \u0219i ambalat\u0103 simplu, dar cu stil.<\/p>\n\n\n\n<p>    Fiecare produs pe care \u00eel livr\u0103m poart\u0103 cu el un strop din c\u00e2mpurile noastre, din mirosul verii \u0219i din lini\u0219tea pe care o ofer\u0103 natura.<\/p>\n\n\n\n<p style=\"margin-top:var(--wp--preset--spacing--20);margin-right:var(--wp--preset--spacing--30);margin-bottom:var(--wp--preset--spacing--20);margin-left:var(--wp--preset--spacing--30)\">\u00cen Lavand\u0103 cu Miky \u0219i Dan nu este doar o afacere local\u0103, ci un loc unde pasiunea, tradi\u021bia \u0219i natura se \u00eent\u00e2lnesc. Ele aduc un r\u0103spuns natural \u0219i autentic la nevoia de relaxare \u0219i \u00eengrijire personal\u0103. \u00cen fiecare produs pe care \u00eel cre\u0103m se reg\u0103se\u0219te o parte din noi \u0219i din istoria satului nostru. Dorin\u021ba noastr\u0103 este ca fiecare client s\u0103 simt\u0103 acest lucru de fiecare dat\u0103 c\u00e2nd folose\u0219te unul dintre produsele noastre.<\/p>\n<\/div>\n\n\n\n<div class=\"wp-block-group\"><div class=\"wp-block-group__inner-container is-layout-constrained wp-block-group-is-layout-constrained\"><\/div><\/div>\n\n\n\n<div class=\"wp-block-group\"><div class=\"wp-block-group__inner-container is-layout-constrained wp-block-group-is-layout-constrained\">\n<div class=\"wp-block-columns is-layout-flex wp-container-core-columns-is-layout-9d6595d7 wp-block-columns-is-layout-flex\">\n<div class=\"wp-block-column is-layout-flow wp-block-column-is-layout-flow\" style=\"flex-basis:100%\"><\/div>\n<\/div>\n<\/div><\/div>\n\n\n\n<p><\/p>","protected":false},"excerpt":{"rendered":"<p>\u00cen Lavand\u0103 cu Miky \u0219i Dan este mai mult dec\u00e2t o afacere cu produse naturale handmade. Este un vis crescut pe c\u00e2mpurile verzi ale satului Br\u0103g\u0103reasa, jude\u021bul Buz\u0103u. Povestea noastr\u0103 a \u00eenceput \u00een vara anului 2020. \u00centr-o perioad\u0103 \u00een care, de\u0219i lumea era \u00eenc\u0103 marcat\u0103 de pandemie, ne-am reg\u0103sit \u00een mijlocul c\u00e2mpurilor de lavand\u0103. Acolo&#8230;<\/p>","protected":false},"author":1,"featured_media":54,"parent":0,"menu_order":0,"comment_status":"closed","ping_status":"closed","template":"","meta":{"_kad_post_transparent":"","_kad_post_title":"","_kad_post_layout":"","_kad_post_sidebar_id":"","_kad_post_content_style":"","_kad_post_vertical_padding":"","_kad_post_feature":"","_kad_post_feature_position":"","_kad_post_header":false,"_kad_post_footer":false,"slim_seo":{"title":"\u00cen LAVAND\u0102 cu Miky \u0219i Dan | Produse naturale handmade \u00een Rom\u00e2nia","description":"\u00cen Lavand\u0103 Cultiv\u0103m cu grij\u0103 lavanda \u0219i o transform\u0103m \u00een produse naturale handmade \u0219i aromatice lucrate manual, menite s\u0103 aduc\u0103 lini\u0219te \u0219i relaxare."},"footnotes":"[]"},"class_list":["post-31","page","type-page","status-publish","has-post-thumbnail","hentry"],"_links":{"self":[{"href":"https:\/\/inlavanda.ro\/en\/wp-json\/wp\/v2\/pages\/31","targetHints":{"allow":["GET"]}}],"collection":[{"href":"https:\/\/inlavanda.ro\/en\/wp-json\/wp\/v2\/pages"}],"about":[{"href":"https:\/\/inlavanda.ro\/en\/wp-json\/wp\/v2\/types\/page"}],"author":[{"embeddable":true,"href":"https:\/\/inlavanda.ro\/en\/wp-json\/wp\/v2\/users\/1"}],"replies":[{"embeddable":true,"href":"https:\/\/inlavanda.ro\/en\/wp-json\/wp\/v2\/comments?post=31"}],"version-history":[{"count":5,"href":"https:\/\/inlavanda.ro\/en\/wp-json\/wp\/v2\/pages\/31\/revisions"}],"predecessor-version":[{"id":603,"href":"https:\/\/inlavanda.ro\/en\/wp-json\/wp\/v2\/pages\/31\/revisions\/603"}],"wp:featuredmedia":[{"embeddable":true,"href":"https:\/\/inlavanda.ro\/en\/wp-json\/wp\/v2\/media\/54"}],"wp:attachment":[{"href":"https:\/\/inlavanda.ro\/en\/wp-json\/wp\/v2\/media?parent=31"}],"curies":[{"name":"wp","href":"https:\/\/api.w.org\/{rel}","templated":true}]}}