{"id":715,"date":"2026-04-29T18:37:32","date_gmt":"2026-04-29T15:37:32","guid":{"rendered":"https:\/\/inlavanda.ro\/?page_id=715"},"modified":"2026-04-29T19:24:34","modified_gmt":"2026-04-29T16:24:34","slug":"concurs-foto","status":"publish","type":"page","link":"https:\/\/inlavanda.ro\/en\/concurs-foto\/","title":{"rendered":"Concurs Foto"},"content":{"rendered":"<figure class=\"wp-block-image size-large is-resized\"><img loading=\"lazy\" decoding=\"async\" width=\"1024\" height=\"1024\" src=\"http:\/\/inlavanda.ro\/wp-content\/uploads\/2026\/04\/2026-afis-patrat-concurs-foto-lavanda-1024x1024.png\" alt=\"2026 afis patrat concurs foto lavanda\" class=\"wp-image-718\" style=\"width:570px;height:auto\" srcset=\"https:\/\/inlavanda.ro\/wp-content\/uploads\/2026\/04\/2026-afis-patrat-concurs-foto-lavanda-1024x1024.png 1024w, https:\/\/inlavanda.ro\/wp-content\/uploads\/2026\/04\/2026-afis-patrat-concurs-foto-lavanda-300x300.png 300w, https:\/\/inlavanda.ro\/wp-content\/uploads\/2026\/04\/2026-afis-patrat-concurs-foto-lavanda-150x150.png 150w, https:\/\/inlavanda.ro\/wp-content\/uploads\/2026\/04\/2026-afis-patrat-concurs-foto-lavanda-768x768.png 768w, https:\/\/inlavanda.ro\/wp-content\/uploads\/2026\/04\/2026-afis-patrat-concurs-foto-lavanda-12x12.png 12w, https:\/\/inlavanda.ro\/wp-content\/uploads\/2026\/04\/2026-afis-patrat-concurs-foto-lavanda-600x600.png 600w, https:\/\/inlavanda.ro\/wp-content\/uploads\/2026\/04\/2026-afis-patrat-concurs-foto-lavanda-100x100.png 100w, https:\/\/inlavanda.ro\/wp-content\/uploads\/2026\/04\/2026-afis-patrat-concurs-foto-lavanda.png 1254w\" sizes=\"auto, (max-width: 1024px) 100vw, 1024px\" \/><\/figure>\n\n\n\n<p><strong>Concurs de fotografie dedicat micilor fotografi<\/strong>.<\/p>\n\n\n\n<p><strong>\u201eVia\u021ba la sat, lucruri care \u00eemi ofer\u0103 fericire \u0219i lini\u0219te\u201d<\/strong><\/p>\n\n\n\n<p>\ud83d\udccd&nbsp;Loca\u021bie expozi\u021bie: \u201e\u00cen Lavand\u0103\u201d, Sat Br\u0103g\u0103reasa, jud. Buz\u0103u<\/p>\n\n\n\n<p>\ud83d\udcc5&nbsp;Perioad\u0103 desf\u0103\u0219urare: Iunie 2026<\/p>\n\n\n\n<p><strong>1. Organizator<\/strong><\/p>\n\n\n\n<p>Concursul este organizat \u00een cadrul evenimentului \u201e\u00cen Lavand\u0103\u201d, av\u00e2nd ca scop \u00eencurajarea creativit\u0103\u021bii, exprim\u0103rii artistice \u0219i valorificarea vie\u021bii autentice de la sat.<\/p>\n\n\n\n<p><strong>2. Participan\u021bi \u0219i categorii de v\u00e2rst\u0103<\/strong><\/p>\n\n\n\n<p>Concursul este deschis copiilor \u0219i tinerilor*, \u00eemp\u0103r\u021bi\u021bi \u00een urm\u0103toarele categorii:<\/p>\n\n\n\n<ul class=\"wp-block-list\">\n<li>5 \u2013 8 ani<\/li>\n<\/ul>\n\n\n\n<ul class=\"wp-block-list\">\n<li>9 \u2013 14 ani<\/li>\n<\/ul>\n\n\n\n<ul class=\"wp-block-list\">\n<li>15 \u2013 18 ani<\/li>\n<\/ul>\n\n\n\n<p>Fiecare participant poate \u00eenscrie o singur\u0103 fotografie.<\/p>\n\n\n\n<p><strong>*<\/strong>\ud83d\udccc<strong>&nbsp;Concurs dedicat copiilor \u0219i tinerilor din Br\u0103g\u0103reasa dar \u0219i din celelalte localit\u0103\u021bi ale comunei<\/strong> <strong>Scutelnici.<\/strong><\/p>\n\n\n\n<p><\/p>\n\n\n\n<p><strong>3. Tema concursului<\/strong><\/p>\n\n\n\n<h2 class=\"wp-block-heading\"><strong>\u201eVia\u021ba la sat, lucruri care \u00eemi ofer\u0103 fericire \u0219i lini\u0219te\u201d<\/strong><\/h2>\n\n\n\n<p>Participan\u021bii sunt invita\u021bi s\u0103 surprind\u0103, prin fotografie, momente, locuri sau detalii care le ofer\u0103 stare de bine, lini\u0219te sau bucurie.<\/p>\n\n\n\n<p><strong>Exemple orientative (nu limitative):<\/strong><\/p>\n\n\n\n<ul class=\"wp-block-list\">\n<li>natura (c\u00e2mpuri, cer, animale, gr\u0103din\u0103)<\/li>\n<\/ul>\n\n\n\n<ul class=\"wp-block-list\">\n<li>familia, bunicii, prietenii<\/li>\n<\/ul>\n\n\n\n<ul class=\"wp-block-list\">\n<li>activit\u0103\u021bi cotidiene (joac\u0103, munc\u0103, momente simple)<\/li>\n<\/ul>\n\n\n\n<ul class=\"wp-block-list\">\n<li>locuri lini\u0219tite sau preferate<\/li>\n<\/ul>\n\n\n\n<ul class=\"wp-block-list\">\n<li>simboluri ale credin\u021bei sau ale lini\u0219tii interioare<\/li>\n<\/ul>\n\n\n\n<ul class=\"wp-block-list\">\n<li>detalii simple care transmit emo\u021bie (lumin\u0103, obiecte, gesturi)<\/li>\n<\/ul>\n\n\n\n<h5 class=\"wp-block-heading\">Se \u00eencurajeaz\u0103 originalitatea \u0219i exprimarea personal\u0103.<\/h5>\n\n\n\n<p><strong>4. Condi\u021bii de participare<\/strong><\/p>\n\n\n\n<ul class=\"wp-block-list\">\n<li>Fotografia trebuie s\u0103 fie realizat\u0103 de participant.<\/li>\n<\/ul>\n\n\n\n<ul class=\"wp-block-list\">\n<li>Nu sunt acceptate fotografii desc\u0103rcate de pe internet.<\/li>\n<\/ul>\n\n\n\n<ul class=\"wp-block-list\">\n<li>Este permis\u0103 utilizarea oric\u0103rui tip de echipament:<\/li>\n<\/ul>\n\n\n\n<p>\u25cb telefon mobil<\/p>\n\n\n\n<p>\u25cb aparat foto<\/p>\n\n\n\n<p>\u25cb tablet\u0103 sau alte dispozitive<\/p>\n\n\n\n<ul class=\"wp-block-list\">\n<li>Nu este obligatorie utilizarea unui aparat foto profesional.<\/li>\n<\/ul>\n\n\n\n<ul class=\"wp-block-list\">\n<li>Sunt acceptate ajust\u0103ri minime (luminozitate, contrast), f\u0103r\u0103 edit\u0103ri excesive.<\/li>\n<\/ul>\n\n\n\n<p><strong>5. Trimiterea fotografiilor<\/strong><\/p>\n\n\n\n<p>Fotografiile vor fi trimise la adresa de email:<\/p>\n\n\n\n<p>\ud83d\udce7&nbsp;<strong>contact.inlavanda@gmail.com<\/strong><\/p>\n\n\n\n<p>\ud83d\udcc5 Termen limit\u0103:  <strong>28.05.2026<\/strong><\/p>\n\n\n\n<p>Emailul trebuie s\u0103 con\u021bin\u0103:<\/p>\n\n\n\n<ul class=\"wp-block-list\">\n<li>fotografia (ata\u0219at\u0103)<\/li>\n<\/ul>\n\n\n\n<ul class=\"wp-block-list\">\n<li>numele \u0219i prenumele participantului<\/li>\n<\/ul>\n\n\n\n<ul class=\"wp-block-list\">\n<li>localitatea<\/li>\n<\/ul>\n\n\n\n<ul class=\"wp-block-list\">\n<li>v\u00e2rsta<\/li>\n<\/ul>\n\n\n\n<ul class=\"wp-block-list\">\n<li>categoria de v\u00e2rst\u0103<\/li>\n<\/ul>\n\n\n\n<ul class=\"wp-block-list\">\n<li>titlul fotografiei<\/li>\n<\/ul>\n\n\n\n<ul class=\"wp-block-list\">\n<li>op\u021bional: o scurt\u0103 descriere (1\u20132 r\u00e2nduri)<\/li>\n<\/ul>\n\n\n\n<p><strong>6. Expozi\u021bia<\/strong><\/p>\n\n\n\n<p>Toate fotografiile acceptate vor fi:<\/p>\n\n\n\n<ul class=\"wp-block-list\">\n<li>printate de c\u0103tre organizatori<\/li>\n\n\n\n<li>expuse \u00een cadrul evenimentului \u201e\u00cen Lavand\u0103\u201d<\/li>\n<\/ul>\n\n\n\n<p>Expozi\u021bia va fi organizat\u0103 \u00een aer liber, Str. Agricultorilor nr.17, sat Br\u0103g\u0103reasa.<\/p>\n\n\n\n<p><strong>7. Jurizare \u0219i votare<\/strong><\/p>\n\n\n\n<p>Evaluarea fotografiilor se va realiza prin:<\/p>\n\n\n\n<ul class=\"wp-block-list\">\n<li>votul vizitatorilor (publicul)<\/li>\n<\/ul>\n\n\n\n<ul class=\"wp-block-list\">\n<li>evaluarea unui juriu de specialitate<\/li>\n<\/ul>\n\n\n\n<p>C\u00e2\u0219tig\u0103torii vor fi desemna\u021bi separat pentru fiecare categorie de v\u00e2rst\u0103.<\/p>\n\n\n\n<p><strong>8. Premii<\/strong><\/p>\n\n\n\n<p>Pentru fiecare categorie de v\u00e2rst\u0103 se vor acorda:<\/p>\n\n\n\n<ul class=\"wp-block-list\">\n<li>Premiul I<\/li>\n<\/ul>\n\n\n\n<ul class=\"wp-block-list\">\n<li>Premiul II<\/li>\n<\/ul>\n\n\n\n<ul class=\"wp-block-list\">\n<li>Premiul III<\/li>\n<\/ul>\n\n\n\n<ul class=\"wp-block-list\">\n<li><strong>Premiul special \u2013 Trofeul \u201e\u00cen Lavand\u0103\u201d<\/strong><\/li>\n<\/ul>\n\n\n\n<p>To\u021bi participan\u021bii vor primi diplom\u0103 de participare.<\/p>\n\n\n\n<p><strong>9. Instruc\u021biuni pentru realizarea fotografiilor<\/strong><\/p>\n\n\n\n<p>Pentru a ob\u021bine o fotografie reu\u0219it\u0103, participan\u021bii sunt \u00eencuraja\u021bi s\u0103 \u021bin\u0103 cont de urm\u0103toarele recomand\u0103ri:<\/p>\n\n\n\n<ul class=\"wp-block-list\">\n<li>Realiza\u021bi fotografia&nbsp;<strong>ziua<\/strong>, folosind lumin\u0103 natural\u0103<\/li>\n<\/ul>\n\n\n\n<ul class=\"wp-block-list\">\n<li>Realiza\u021bi fotografia&nbsp;<strong>noapte<\/strong>, folosind o surs\u0103 suplimentar\u0103 de lumin\u0103<\/li>\n<\/ul>\n\n\n\n<ul class=\"wp-block-list\">\n<li>Evita\u021bi fotografiile mi\u0219cate (\u021bine\u021bi dispozitivul stabil)<\/li>\n<\/ul>\n\n\n\n<ul class=\"wp-block-list\">\n<li>\u00cencadra\u021bi subiectul clar (nu foarte departe, nu t\u0103iat)<\/li>\n<\/ul>\n\n\n\n<ul class=\"wp-block-list\">\n<li>Evita\u021bi lumina puternic\u0103 din spatele subiectului<\/li>\n<\/ul>\n\n\n\n<ul class=\"wp-block-list\">\n<li>Face\u021bi mai multe fotografii \u0219i alege\u021bi varianta cea mai reu\u0219it\u0103<\/li>\n<\/ul>\n\n\n\n<ul class=\"wp-block-list\">\n<li>\u00cencerca\u021bi s\u0103 transmite\u021bi o emo\u021bie sau o poveste, nu doar o imagine<\/li>\n<\/ul>\n\n\n\n<p>Pentru participan\u021bii mai mari:<\/p>\n\n\n\n<ul class=\"wp-block-list\">\n<li>g\u00e2ndi\u021bi fotografia \u00eenainte de a o face<\/li>\n<\/ul>\n\n\n\n<ul class=\"wp-block-list\">\n<li>urm\u0103ri\u021bi detalii, lumin\u0103 \u0219i compozi\u021bie<\/li>\n<\/ul>\n\n\n\n<ul class=\"wp-block-list\">\n<li>evita\u021bi imaginile \u201eprea \u00eenc\u0103rcate\u201d<\/li>\n<\/ul>\n\n\n\n<p><strong>10. Drepturi \u0219i acorduri<\/strong><\/p>\n\n\n\n<p>Prin participare, participan\u021bii (\u0219i p\u0103rin\u021bii\/tutorii legali, \u00een cazul minorilor):<\/p>\n\n\n\n<p>\u00ee\u0219i dau acordul pentru expunerea fotografiilor \u00een cadrul evenimentului<\/p>\n\n\n\n<p>permit utilizarea acestora \u00een scop de promovare (online \u0219i offline), f\u0103r\u0103 scop comercial<\/p>\n\n\n\n<p>direct<\/p>\n\n\n\n<p><strong>11. Dispozi\u021bii finale<\/strong><\/p>\n\n\n\n<p>Organizatorii \u00ee\u0219i rezerv\u0103 dreptul de a respinge fotografiile care nu respect\u0103 regulamentul.<\/p>\n\n\n\n<p>Deciziile juriului \u0219i ale organizatorilor sunt finale.<\/p>\n\n\n\n<p><strong>V\u0103 a\u0219tept\u0103m cu drag s\u0103 surprinde\u021bi frumuse\u021bea vie\u021bii la sat!<\/strong>&nbsp;\ud83c\udf3f<\/p>","protected":false},"excerpt":{"rendered":"<p>Concurs de fotografie dedicat micilor fotografi. \u201eVia\u021ba la sat, lucruri care \u00eemi ofer\u0103 fericire \u0219i lini\u0219te\u201d \ud83d\udccd&nbsp;Loca\u021bie expozi\u021bie: \u201e\u00cen Lavand\u0103\u201d, Sat Br\u0103g\u0103reasa, jud. Buz\u0103u \ud83d\udcc5&nbsp;Perioad\u0103 desf\u0103\u0219urare: Iunie 2026 1. Organizator Concursul este organizat \u00een cadrul evenimentului \u201e\u00cen Lavand\u0103\u201d, av\u00e2nd ca scop \u00eencurajarea creativit\u0103\u021bii, exprim\u0103rii artistice \u0219i valorificarea vie\u021bii autentice de la sat. 2. Participan\u021bi \u0219i&#8230;<\/p>","protected":false},"author":1,"featured_media":0,"parent":0,"menu_order":0,"comment_status":"closed","ping_status":"closed","template":"","meta":{"_kad_post_transparent":"","_kad_post_title":"","_kad_post_layout":"","_kad_post_sidebar_id":"","_kad_post_content_style":"","_kad_post_vertical_padding":"","_kad_post_feature":"","_kad_post_feature_position":"","_kad_post_header":false,"_kad_post_footer":false,"slim_seo":{"title":"Concurs Foto - \u00cen LAVAND\u0102 cu Miky \u0219i Dan","description":"Concurs de fotografie dedicat micilor fotografi . \u201eVia\u021ba la sat, lucruri care \u00eemi ofer\u0103 fericire \u0219i lini\u0219te\u201d \ud83d\udccd&nbsp;Loca\u021bie expozi\u021bie: \u201e\u00cen Lavand\u0103\u201d, Sat Br\u0103g\u0103re"},"footnotes":""},"class_list":["post-715","page","type-page","status-publish","hentry"],"_links":{"self":[{"href":"https:\/\/inlavanda.ro\/en\/wp-json\/wp\/v2\/pages\/715","targetHints":{"allow":["GET"]}}],"collection":[{"href":"https:\/\/inlavanda.ro\/en\/wp-json\/wp\/v2\/pages"}],"about":[{"href":"https:\/\/inlavanda.ro\/en\/wp-json\/wp\/v2\/types\/page"}],"author":[{"embeddable":true,"href":"https:\/\/inlavanda.ro\/en\/wp-json\/wp\/v2\/users\/1"}],"replies":[{"embeddable":true,"href":"https:\/\/inlavanda.ro\/en\/wp-json\/wp\/v2\/comments?post=715"}],"version-history":[{"count":6,"href":"https:\/\/inlavanda.ro\/en\/wp-json\/wp\/v2\/pages\/715\/revisions"}],"predecessor-version":[{"id":725,"href":"https:\/\/inlavanda.ro\/en\/wp-json\/wp\/v2\/pages\/715\/revisions\/725"}],"wp:attachment":[{"href":"https:\/\/inlavanda.ro\/en\/wp-json\/wp\/v2\/media?parent=715"}],"curies":[{"name":"wp","href":"https:\/\/api.w.org\/{rel}","templated":true}]}}