{"id":297,"date":"2024-11-28T16:10:26","date_gmt":"2024-11-28T14:10:26","guid":{"rendered":"https:\/\/inlavanda.ro\/?post_type=product&#038;p=297"},"modified":"2025-05-26T18:24:14","modified_gmt":"2025-05-26T15:24:14","slug":"ser-facial-pentru-el","status":"publish","type":"product","link":"https:\/\/inlavanda.ro\/en\/product\/ser-facial-pentru-el\/","title":{"rendered":"Ser facial | creat pentru EL"},"content":{"rendered":"<p><span style=\"font-weight: 400;\">Ser facial | creat pentru EL <\/span><\/p>\n<p><span style=\"font-weight: 400;\">Serul nostru facial pentru EL este creat special pentru a r\u0103spunde nevoilor unui ten masculin, oferind hidratare, protec\u021bie \u0219i revitalizare. Cu o formul\u0103 exclusivist\u0103, acest ser combin\u0103<\/span><span style=\"font-weight: 400;\">\u00a0ingrediente naturale care au grij\u0103 de piele, l\u0103s\u00e2nd-o curat\u0103, echilibrat\u0103 \u0219i revitalizat\u0103. Formula sa u\u0219oar\u0103 p\u0103trunde rapid \u00een piele, f\u0103r\u0103 a l\u0103sa senza\u021bie de gras, fiind ideal\u0103 pentru rutina zilnic\u0103 de \u00eengrijire.<\/span><\/p>\n<p><b>Beneficii generale:<\/b><\/p>\n<ul>\n<li style=\"font-weight: 400;\" aria-level=\"1\"><b>Regenerare \u0219i revitalizare:<\/b> <b>Rosa Mosqueta<\/b><span style=\"font-weight: 400;\"> este renumit\u0103 pentru propriet\u0103\u021bile sale regenerante. Ajut\u0103 la repararea \u0219i revitalizarea pielii, reduc\u00e2nd semnele de oboseal\u0103 \u0219i \u00eemb\u0103tr\u00e2nire.<\/span><\/li>\n<li style=\"font-weight: 400;\" aria-level=\"1\"><b>Hidratare profund\u0103:<\/b> <b>Uleiul de Jojoba<\/b><span style=\"font-weight: 400;\"> se absoarbe rapid, hidrat\u00e2nd pielea \u0219i restabilind echilibrul natural al umidit\u0103\u021bii. Este ideal pentru tenurile care tind s\u0103 fie mai uscate sau mixte.<\/span><\/li>\n<li style=\"font-weight: 400;\" aria-level=\"1\"><b>Protec\u021bie \u0219i elasticitate:<\/b> <b>Uleiul de Macadamia<\/b><span style=\"font-weight: 400;\"> este bogat \u00een antioxidan\u021bi \u0219i acizi gra\u0219i esen\u021biali care protejeaz\u0103 pielea de factorii de mediu \u0219i contribuie la men\u021binerea elasticit\u0103\u021bii.<\/span><\/li>\n<li style=\"font-weight: 400;\" aria-level=\"1\"><b>Calmante \u0219i tonifiante:<\/b> <a href=\"https:\/\/inlavanda.ro\/product\/ulei-esential-de-lavanda\/\"><b>Uleiul esen\u021bial de Lavand\u0103<\/b><\/a><span style=\"font-weight: 400;\"> \u0219i <\/span><b>Patchouli<\/b><span style=\"font-weight: 400;\"> au propriet\u0103\u021bi calmante, reduc\u00e2nd irita\u021biile \u0219i inflama\u021biile, \u00een timp ce <\/span><b>Salvia<\/b><span style=\"font-weight: 400;\"> ajut\u0103 la men\u021binerea unui ten s\u0103n\u0103tos \u0219i echilibrat.<\/span><\/li>\n<li style=\"font-weight: 400;\" aria-level=\"1\"><b>Energizant \u0219i revigorant:<\/b> <b>Menta<\/b><span style=\"font-weight: 400;\"> adaug\u0103 o senza\u021bie revigorant\u0103, l\u0103s\u00e2nd pielea fresh \u0219i revitalizat\u0103, iar <\/span><b>Vitamina E <\/b><span style=\"font-weight: 400;\">protejeaz\u0103 \u00eempotriva radicalilor liberi \u0219i previne semnele \u00eemb\u0103tr\u00e2nirii premature.<\/span><\/li>\n<\/ul>\n<p><span style=\"font-weight: 400;\">Acest Ser facial | creat pentru EL este perfect pentru b\u0103rba\u021bii care doresc o \u00eengrijire complet\u0103 a pielii, men\u021bin\u00e2nd-o hidratat\u0103, tonifiat\u0103 \u0219i protejat\u0103 de agresiunile mediului. Folosit zilnic, serul ofer\u0103 o piele mai s\u0103n\u0103toas\u0103 \u0219i mai vibrant\u0103.<\/span><\/p>\n<p><b>INCI:<\/b><span style=\"font-weight: 400;\"> Rosa Mosqueta Seed Oil, Simmondsia Chinensis Seed Oil, Macadamia Ternifolia Seed Oil, Tocopherol, <a href=\"https:\/\/www.facebook.com\/photo?fbid=122208436700056559&amp;set=pcb.122208436988056559\">Lavandula Angustifolia Oil<\/a>, Pogostemon Cablin Oil, Salvia Officinalis Oil, Mentha Piperita Oil<\/span><\/p>","protected":false},"excerpt":{"rendered":"<p>Ser facial | creat pentru EL Serul nostru facial pentru EL este creat special pentru a r\u0103spunde nevoilor unui ten masculin, oferind hidratare, protec\u021bie \u0219i revitalizare. Cu o formul\u0103 exclusivist\u0103, acest ser combin\u0103\u00a0ingrediente naturale care au grij\u0103 de piele, l\u0103s\u00e2nd-o curat\u0103, echilibrat\u0103 \u0219i revitalizat\u0103. Formula sa u\u0219oar\u0103 p\u0103trunde rapid \u00een piele, f\u0103r\u0103 a l\u0103sa senza\u021bie&#8230;<\/p>","protected":false},"featured_media":324,"comment_status":"closed","ping_status":"closed","template":"","meta":{"_kad_post_transparent":"default","_kad_post_title":"","_kad_post_layout":"default","_kad_post_sidebar_id":"","_kad_post_content_style":"default","_kad_post_vertical_padding":"default","_kad_post_feature":"","_kad_post_feature_position":"","_kad_post_header":false,"_kad_post_footer":false,"slim_seo":{"title":"Ser facial | creat pentru EL","description":"Ser facial | creat pentru EL - \u0219i b\u0103rba\u021bii merit\u0103 un ten \u00eengrijit. Acest ser p\u0103trunde rapid \u00een piele, l\u0103s\u00e2nd-o neted\u0103, luminoas\u0103 \u0219i plin\u0103 de vitalitate."}},"product_brand":[],"product_cat":[18],"product_tag":[],"class_list":{"0":"post-297","1":"product","2":"type-product","3":"status-publish","4":"has-post-thumbnail","6":"product_cat-uncategorized","8":"first","9":"instock","10":"shipping-taxable","11":"purchasable","12":"product-type-simple","13":"entry","14":"content-bg","15":"loop-entry"},"_links":{"self":[{"href":"https:\/\/inlavanda.ro\/en\/wp-json\/wp\/v2\/product\/297","targetHints":{"allow":["GET"]}}],"collection":[{"href":"https:\/\/inlavanda.ro\/en\/wp-json\/wp\/v2\/product"}],"about":[{"href":"https:\/\/inlavanda.ro\/en\/wp-json\/wp\/v2\/types\/product"}],"replies":[{"embeddable":true,"href":"https:\/\/inlavanda.ro\/en\/wp-json\/wp\/v2\/comments?post=297"}],"wp:featuredmedia":[{"embeddable":true,"href":"https:\/\/inlavanda.ro\/en\/wp-json\/wp\/v2\/media\/324"}],"wp:attachment":[{"href":"https:\/\/inlavanda.ro\/en\/wp-json\/wp\/v2\/media?parent=297"}],"wp:term":[{"taxonomy":"product_brand","embeddable":true,"href":"https:\/\/inlavanda.ro\/en\/wp-json\/wp\/v2\/product_brand?post=297"},{"taxonomy":"product_cat","embeddable":true,"href":"https:\/\/inlavanda.ro\/en\/wp-json\/wp\/v2\/product_cat?post=297"},{"taxonomy":"product_tag","embeddable":true,"href":"https:\/\/inlavanda.ro\/en\/wp-json\/wp\/v2\/product_tag?post=297"}],"curies":[{"name":"wp","href":"https:\/\/api.w.org\/{rel}","templated":true}]}}