{"id":539,"date":"2025-07-15T17:24:56","date_gmt":"2025-07-15T14:24:56","guid":{"rendered":"https:\/\/inlavanda.ro\/?post_type=product&#038;p=539"},"modified":"2025-07-15T17:24:57","modified_gmt":"2025-07-15T14:24:57","slug":"lampa-pentru-aromaterapie","status":"publish","type":"product","link":"https:\/\/inlavanda.ro\/en\/product\/lampa-pentru-aromaterapie\/","title":{"rendered":"Lampa pentru aromaterapie"},"content":{"rendered":"<p>Lampa pentru aromaterapie va elibera treptat <strong>mirosuri pl\u0103cute, care v\u0103 vor parfuma toat\u0103 casa dup\u0103 aprinderea lum\u00e2n\u0103rii \u0219i ad\u0103ugarea <a href=\"https:\/\/inlavanda.ro\/product\/ulei-esential-de-lavanda\/\">uleiului esen\u021bial de lavand\u0103<\/a>.<\/strong>\u00a0Astfel, va contribui\u00a0<strong>la crearea unei atmosfere relaxate. <\/strong><\/p>\n<p><a href=\"https:\/\/www.facebook.com\/InLavanda\/videos\/1394441201671983\"><strong>Efectele binef\u0103c\u0103toare ale lavandei<\/strong><\/a>\u00a0asupra diferitelor afec\u021biuni ale corpului \u0219i sufletului sunt demonstrate, a\u0219adar, de ce s\u0103 nu le \u00eencerca\u021bi?<\/p>\n<p>\u00cen partea inferioar\u0103, candela este prev\u0103zut\u0103 cu un spa\u021biu pentru o lum\u00e2nare pastil\u0103, iar \u00een partea de sus are o cup\u0103 destinat\u0103 apei \u00een care se adaug\u0103 uleiurile esen\u021biale. Cupa se mai poate folosi \u0219i pentru a topi ceara parfumat\u0103. Uleiul \u0219i lum\u00e2narea nu sunt incluse \u00een ambalaj.<\/p>\n<p>Material:por\u021belan<\/p>","protected":false},"excerpt":{"rendered":"<p>Lampa pentru aromaterapie va elibera treptat mirosuri pl\u0103cute, care v\u0103 vor parfuma toat\u0103 casa dup\u0103 aprinderea lum\u00e2n\u0103rii \u0219i ad\u0103ugarea uleiului esen\u021bial de lavand\u0103.\u00a0Astfel, va contribui\u00a0la crearea unei atmosfere relaxate. Efectele binef\u0103c\u0103toare ale lavandei\u00a0asupra diferitelor afec\u021biuni ale corpului \u0219i sufletului sunt demonstrate, a\u0219adar, de ce s\u0103 nu le \u00eencerca\u021bi? \u00cen partea inferioar\u0103, candela este prev\u0103zut\u0103 cu&#8230;<\/p>","protected":false},"featured_media":540,"comment_status":"closed","ping_status":"closed","template":"","meta":{"_kad_post_transparent":"default","_kad_post_title":"","_kad_post_layout":"default","_kad_post_sidebar_id":"","_kad_post_content_style":"default","_kad_post_vertical_padding":"default","_kad_post_feature":"","_kad_post_feature_position":"","_kad_post_header":false,"_kad_post_footer":false,"slim_seo":{"description":"Lampa pentru aromaterapie este prev\u0103zut\u0103 cu un spa\u021biu pentru o lum\u00e2nare pastil\u0103, iar \u00een partea de sus are o cup\u0103 destinat\u0103 apei \u0219i uleiurilor esen\u021biale.","title":"Lampa pentru aromaterapie - \u00cen LAVAND\u0102 cu Miky \u0219i Dan"}},"product_brand":[],"product_cat":[18],"product_tag":[],"class_list":{"0":"post-539","1":"product","2":"type-product","3":"status-publish","4":"has-post-thumbnail","6":"product_cat-uncategorized","8":"first","9":"instock","10":"shipping-taxable","11":"purchasable","12":"product-type-simple","13":"entry","14":"content-bg","15":"loop-entry"},"_links":{"self":[{"href":"https:\/\/inlavanda.ro\/en\/wp-json\/wp\/v2\/product\/539","targetHints":{"allow":["GET"]}}],"collection":[{"href":"https:\/\/inlavanda.ro\/en\/wp-json\/wp\/v2\/product"}],"about":[{"href":"https:\/\/inlavanda.ro\/en\/wp-json\/wp\/v2\/types\/product"}],"replies":[{"embeddable":true,"href":"https:\/\/inlavanda.ro\/en\/wp-json\/wp\/v2\/comments?post=539"}],"wp:featuredmedia":[{"embeddable":true,"href":"https:\/\/inlavanda.ro\/en\/wp-json\/wp\/v2\/media\/540"}],"wp:attachment":[{"href":"https:\/\/inlavanda.ro\/en\/wp-json\/wp\/v2\/media?parent=539"}],"wp:term":[{"taxonomy":"product_brand","embeddable":true,"href":"https:\/\/inlavanda.ro\/en\/wp-json\/wp\/v2\/product_brand?post=539"},{"taxonomy":"product_cat","embeddable":true,"href":"https:\/\/inlavanda.ro\/en\/wp-json\/wp\/v2\/product_cat?post=539"},{"taxonomy":"product_tag","embeddable":true,"href":"https:\/\/inlavanda.ro\/en\/wp-json\/wp\/v2\/product_tag?post=539"}],"curies":[{"name":"wp","href":"https:\/\/api.w.org\/{rel}","templated":true}]}}